{"id":2236,"date":"2024-01-09T15:02:31","date_gmt":"2024-01-09T21:02:31","guid":{"rendered":"https:\/\/www.mtnmamas.org\/?page_id=2236"},"modified":"2024-10-14T20:17:17","modified_gmt":"2024-10-15T02:17:17","slug":"jspca","status":"publish","type":"page","link":"https:\/\/www.mtnmamas.org\/sp\/jspca\/","title":{"rendered":"JSPCA"},"content":{"rendered":"<section class=\"l-section wpb_row us_custom_c1e8dcb4 height_medium with_img\"><div class=\"l-section-img\" role=\"img\" aria-label=\"Imagen\" data-img-width=\"1000\" data-img-height=\"651\" style=\"background-image: url(https:\/\/www.mtnmamas.org\/wp-content\/uploads\/2024\/01\/classroom-photo-medium.jpg);background-repeat: no-repeat;\"><\/div><div class=\"l-section-overlay\" style=\"background:rgba(0,0,0,0.50)\"><\/div><div class=\"l-section-h i-cf\"><div class=\"g-cols vc_row via_flex valign_top type_default stacking_default\"><div class=\"vc_col-sm-12 wpb_column vc_column_container\"><div class=\"vc_column-inner\"><div class=\"wpb_wrapper\"><div class=\"wpb_text_column us_custom_2eebaa7d has_text_color\"><div class=\"wpb_wrapper\"><h1 style=\"text-align: center;\">ESTUDIANTES Y PADRES DE JEFFCO PARA LA ACCI\u00d3N CLIM\u00c1TICA (JSPCA)<\/h1>\n<\/div><\/div><div class=\"g-cols wpb_row us_custom_48303db0 hide_on_default hide_on_laptops hide_on_tablets hide_on_mobiles via_flex valign_middle type_default stacking_default\"><div class=\"vc_col-sm-3 wpb_column vc_column_container\"><div class=\"vc_column-inner\"><div class=\"wpb_wrapper\"><div class=\"w-image us_custom_e7f5d98a align_none\"><a target=\"_blank\" href=\"https:\/\/www.afca.earth\/\" aria-label=\"El logotipo de la Alianza para la Acci\u00f3n Colectiva 01\" class=\"w-image-h\"><img decoding=\"async\" width=\"853\" height=\"203\" src=\"https:\/\/www.mtnmamas.org\/wp-content\/uploads\/2024\/01\/The-Alliance-for-Collective-Action-Logo-01.png\" class=\"attachment-large size-large\" alt=\"\" loading=\"lazy\" srcset=\"https:\/\/www.mtnmamas.org\/wp-content\/uploads\/2024\/01\/The-Alliance-for-Collective-Action-Logo-01.png 853w, https:\/\/www.mtnmamas.org\/wp-content\/uploads\/2024\/01\/The-Alliance-for-Collective-Action-Logo-01-300x71.png 300w, https:\/\/www.mtnmamas.org\/wp-content\/uploads\/2024\/01\/The-Alliance-for-Collective-Action-Logo-01-18x4.png 18w, https:\/\/www.mtnmamas.org\/wp-content\/uploads\/2024\/01\/The-Alliance-for-Collective-Action-Logo-01-600x143.png 600w\" sizes=\"auto, (max-width: 853px) 100vw, 853px\" \/><\/a><\/div><\/div><\/div><\/div><div class=\"vc_col-sm-3 wpb_column vc_column_container\"><div class=\"vc_column-inner\"><div class=\"wpb_wrapper\"><div class=\"w-image us_custom_e7f5d98a align_center\"><div class=\"w-image-h\"><img decoding=\"async\" width=\"484\" height=\"288\" src=\"https:\/\/www.mtnmamas.org\/wp-content\/uploads\/2024\/01\/JSPCA-1.png\" class=\"attachment-large size-large\" alt=\"\" loading=\"lazy\" srcset=\"https:\/\/www.mtnmamas.org\/wp-content\/uploads\/2024\/01\/JSPCA-1.png 484w, https:\/\/www.mtnmamas.org\/wp-content\/uploads\/2024\/01\/JSPCA-1-300x179.png 300w, https:\/\/www.mtnmamas.org\/wp-content\/uploads\/2024\/01\/JSPCA-1-18x12.png 18w\" sizes=\"auto, (max-width: 484px) 100vw, 484px\" \/><\/div><\/div><\/div><\/div><\/div><div class=\"vc_col-sm-3 wpb_column vc_column_container\"><div class=\"vc_column-inner\"><div class=\"wpb_wrapper\"><div class=\"w-image us_custom_e7f5d98a align_none\"><a target=\"_blank\" href=\"https:\/\/sustainevergreen.org\/\" aria-label=\"logotipo de esa retina\" class=\"w-image-h\"><img decoding=\"async\" width=\"600\" height=\"220\" src=\"https:\/\/www.mtnmamas.org\/wp-content\/uploads\/2024\/01\/esa-logo-retina.png\" class=\"attachment-large size-large\" alt=\"\" loading=\"lazy\" srcset=\"https:\/\/www.mtnmamas.org\/wp-content\/uploads\/2024\/01\/esa-logo-retina.png 600w, https:\/\/www.mtnmamas.org\/wp-content\/uploads\/2024\/01\/esa-logo-retina-300x110.png 300w, https:\/\/www.mtnmamas.org\/wp-content\/uploads\/2024\/01\/esa-logo-retina-18x7.png 18w\" sizes=\"auto, (max-width: 600px) 100vw, 600px\" \/><\/a><\/div><\/div><\/div><\/div><div class=\"vc_col-sm-3 wpb_column vc_column_container\"><div class=\"vc_column-inner\"><div class=\"wpb_wrapper\"><div class=\"w-image us_custom_38ec8cf5 align_none\"><a target=\"_blank\" href=\"https:\/\/sustainevergreen.org\/\" aria-label=\"Logotipo de MountainMamas con relleno azul y rojo\" class=\"w-image-h\"><img decoding=\"async\" width=\"259\" height=\"201\" src=\"https:\/\/www.mtnmamas.org\/wp-content\/uploads\/2020\/04\/MountainMamas_Logo_BlueRed-padding.png\" class=\"attachment-full size-full\" alt=\"\" loading=\"lazy\" srcset=\"https:\/\/www.mtnmamas.org\/wp-content\/uploads\/2020\/04\/MountainMamas_Logo_BlueRed-padding.png 259w, https:\/\/www.mtnmamas.org\/wp-content\/uploads\/2020\/04\/MountainMamas_Logo_BlueRed-padding-150x116.png 150w\" sizes=\"auto, (max-width: 259px) 100vw, 259px\" \/><\/a><\/div><\/div><\/div><\/div><\/div><div class=\"g-cols wpb_row us_custom_c644914a via_flex valign_middle type_default stacking_default\"><div class=\"vc_col-sm-12 wpb_column vc_column_container\"><div class=\"vc_column-inner\"><div class=\"wpb_wrapper\"><div class=\"w-grid us_carousel us_custom_5f93d09b type_carousel layout_gallery_default preload_style_spinner items_4\" id=\"us_grid_1\" style=\"--items:4;--gap:1.4rem;\"><style>.layout_gallery_default .w-grid-item-h{}<\/style><div class=\"w-grid-list owl-carousel valign_middle dotstyle_circle navstyle_7 arrows-ver-pos_middle arrows-hor-pos_on_sides_outside arrows-disabled_hide owl-responsive-2000 with_dots with_arrows\" style=\"--transition-duration:2000ms;--arrows-size:1.1rem;--arrows-hor-offset:calc(35px + 1.4rem);--arrows-gap:10px;\">\t<article class=\"w-grid-item post-2459 attachment type-attachment status-inherit hentry\" data-id=\"2459\">\r\n\t\t<div class=\"w-grid-item-h\">\r\n\t\t\t\t\t\t<div class=\"w-post-elm post_image usg_post_image_1 stretched\"><img loading=\"lazy\" decoding=\"async\" width=\"170\" height=\"43\" src=\"https:\/\/www.mtnmamas.org\/wp-content\/uploads\/2024\/07\/aca.png\" class=\"attachment-large size-large\" alt=\"\" srcset=\"https:\/\/www.mtnmamas.org\/wp-content\/uploads\/2024\/07\/aca.png 170w, https:\/\/www.mtnmamas.org\/wp-content\/uploads\/2024\/07\/aca-18x5.png 18w\" sizes=\"auto, (max-width: 170px) 100vw, 170px\" \/><\/div>\t\t<\/div>\r\n\t\t\t<\/article>\r\n\t<article class=\"w-grid-item post-2465 attachment type-attachment status-inherit hentry\" data-id=\"2465\">\r\n\t\t<div class=\"w-grid-item-h\">\r\n\t\t\t\t\t\t<div class=\"w-post-elm post_image usg_post_image_1 stretched\"><img loading=\"lazy\" decoding=\"async\" width=\"170\" height=\"100\" src=\"https:\/\/www.mtnmamas.org\/wp-content\/uploads\/2024\/07\/jspca.png\" class=\"attachment-large size-large\" alt=\"\" srcset=\"https:\/\/www.mtnmamas.org\/wp-content\/uploads\/2024\/07\/jspca.png 170w, https:\/\/www.mtnmamas.org\/wp-content\/uploads\/2024\/07\/jspca-18x12.png 18w\" sizes=\"auto, (max-width: 170px) 100vw, 170px\" \/><\/div>\t\t<\/div>\r\n\t\t\t<\/article>\r\n\t<article class=\"w-grid-item post-2462 attachment type-attachment status-inherit hentry\" data-id=\"2462\">\r\n\t\t<div class=\"w-grid-item-h\">\r\n\t\t\t\t\t\t<div class=\"w-post-elm post_image usg_post_image_1 stretched\"><img loading=\"lazy\" decoding=\"async\" width=\"170\" height=\"66\" src=\"https:\/\/www.mtnmamas.org\/wp-content\/uploads\/2024\/07\/esa.png\" class=\"attachment-large size-large\" alt=\"\" srcset=\"https:\/\/www.mtnmamas.org\/wp-content\/uploads\/2024\/07\/esa.png 170w, https:\/\/www.mtnmamas.org\/wp-content\/uploads\/2024\/07\/esa-18x7.png 18w\" sizes=\"auto, (max-width: 170px) 100vw, 170px\" \/><\/div>\t\t<\/div>\r\n\t\t\t<\/article>\r\n\t<article class=\"w-grid-item post-2466 attachment type-attachment status-inherit hentry\" data-id=\"2466\">\r\n\t\t<div class=\"w-grid-item-h\">\r\n\t\t\t\t\t\t<div class=\"w-post-elm post_image usg_post_image_1 stretched\"><img loading=\"lazy\" decoding=\"async\" width=\"170\" height=\"100\" src=\"https:\/\/www.mtnmamas.org\/wp-content\/uploads\/2024\/07\/mountain-mamas.png\" class=\"attachment-large size-large\" alt=\"\" srcset=\"https:\/\/www.mtnmamas.org\/wp-content\/uploads\/2024\/07\/mountain-mamas.png 170w, https:\/\/www.mtnmamas.org\/wp-content\/uploads\/2024\/07\/mountain-mamas-18x12.png 18w\" sizes=\"auto, (max-width: 170px) 100vw, 170px\" \/><\/div>\t\t<\/div>\r\n\t\t\t<\/article>\r\n\t<article class=\"w-grid-item post-2464 attachment type-attachment status-inherit hentry\" data-id=\"2464\">\r\n\t\t<div class=\"w-grid-item-h\">\r\n\t\t\t\t\t\t<div class=\"w-post-elm post_image usg_post_image_1 stretched\"><img loading=\"lazy\" decoding=\"async\" width=\"170\" height=\"100\" src=\"https:\/\/www.mtnmamas.org\/wp-content\/uploads\/2024\/07\/jeffco.png\" class=\"attachment-large size-large\" alt=\"\" srcset=\"https:\/\/www.mtnmamas.org\/wp-content\/uploads\/2024\/07\/jeffco.png 170w, https:\/\/www.mtnmamas.org\/wp-content\/uploads\/2024\/07\/jeffco-18x12.png 18w\" sizes=\"auto, (max-width: 170px) 100vw, 170px\" \/><\/div>\t\t<\/div>\r\n\t\t\t<\/article>\r\n\t<article class=\"w-grid-item post-2463 attachment type-attachment status-inherit hentry\" data-id=\"2463\">\r\n\t\t<div class=\"w-grid-item-h\">\r\n\t\t\t\t\t\t<div class=\"w-post-elm post_image usg_post_image_1 stretched\"><img loading=\"lazy\" decoding=\"async\" width=\"170\" height=\"94\" src=\"https:\/\/www.mtnmamas.org\/wp-content\/uploads\/2024\/07\/jcea.png\" class=\"attachment-large size-large\" alt=\"\" srcset=\"https:\/\/www.mtnmamas.org\/wp-content\/uploads\/2024\/07\/jcea.png 170w, https:\/\/www.mtnmamas.org\/wp-content\/uploads\/2024\/07\/jcea-18x10.png 18w\" sizes=\"auto, (max-width: 170px) 100vw, 170px\" \/><\/div>\t\t<\/div>\r\n\t\t\t<\/article>\r\n\t<article class=\"w-grid-item post-2460 attachment type-attachment status-inherit hentry\" data-id=\"2460\">\r\n\t\t<div class=\"w-grid-item-h\">\r\n\t\t\t\t\t\t<div class=\"w-post-elm post_image usg_post_image_1 stretched\"><img loading=\"lazy\" decoding=\"async\" width=\"170\" height=\"25\" src=\"https:\/\/www.mtnmamas.org\/wp-content\/uploads\/2024\/07\/apa.png\" class=\"attachment-large size-large\" alt=\"\" srcset=\"https:\/\/www.mtnmamas.org\/wp-content\/uploads\/2024\/07\/apa.png 170w, https:\/\/www.mtnmamas.org\/wp-content\/uploads\/2024\/07\/apa-18x3.png 18w\" sizes=\"auto, (max-width: 170px) 100vw, 170px\" \/><\/div>\t\t<\/div>\r\n\t\t\t<\/article>\r\n\t<article class=\"w-grid-item post-2461 attachment type-attachment status-inherit hentry\" data-id=\"2461\">\r\n\t\t<div class=\"w-grid-item-h\">\r\n\t\t\t\t\t\t<div class=\"w-post-elm post_image usg_post_image_1 stretched\"><img loading=\"lazy\" decoding=\"async\" width=\"170\" height=\"92\" src=\"https:\/\/www.mtnmamas.org\/wp-content\/uploads\/2024\/07\/edgewater.png\" class=\"attachment-large size-large\" alt=\"\" srcset=\"https:\/\/www.mtnmamas.org\/wp-content\/uploads\/2024\/07\/edgewater.png 170w, https:\/\/www.mtnmamas.org\/wp-content\/uploads\/2024\/07\/edgewater-18x10.png 18w\" sizes=\"auto, (max-width: 170px) 100vw, 170px\" \/><\/div>\t\t<\/div>\r\n\t\t\t<\/article>\r\n\t<article class=\"w-grid-item post-2548 attachment type-attachment status-inherit hentry\" data-id=\"2548\">\r\n\t\t<div class=\"w-grid-item-h\">\r\n\t\t\t\t\t\t<div class=\"w-post-elm post_image usg_post_image_1 stretched\"><img loading=\"lazy\" decoding=\"async\" width=\"1024\" height=\"478\" src=\"https:\/\/www.mtnmamas.org\/wp-content\/uploads\/2024\/10\/JESPA-logo-1024x478-1.jpg\" class=\"attachment-large size-large\" alt=\"JESPA Logo\" srcset=\"https:\/\/www.mtnmamas.org\/wp-content\/uploads\/2024\/10\/JESPA-logo-1024x478-1.jpg 1024w, https:\/\/www.mtnmamas.org\/wp-content\/uploads\/2024\/10\/JESPA-logo-1024x478-1-300x140.jpg 300w, https:\/\/www.mtnmamas.org\/wp-content\/uploads\/2024\/10\/JESPA-logo-1024x478-1-18x8.jpg 18w, https:\/\/www.mtnmamas.org\/wp-content\/uploads\/2024\/10\/JESPA-logo-1024x478-1-600x280.jpg 600w\" sizes=\"auto, (max-width: 1024px) 100vw, 1024px\" \/><\/div>\t\t<\/div>\r\n\t\t\t<\/article>\r\n<\/div><div class=\"w-grid-carousel-json hidden\" onclick='return {&quot;carousel_settings&quot;:{&quot;aria_labels&quot;:{&quot;prev&quot;:&quot;Previo&quot;,&quot;next&quot;:&quot;Siguiente&quot;},&quot;autoplayContinual&quot;:true,&quot;autoplayHoverPause&quot;:false,&quot;autoplayTimeout&quot;:6000,&quot;autoWidth&quot;:false,&quot;smartSpeed&quot;:2000,&quot;margin&quot;:0,&quot;mouseDrag&quot;:true,&quot;rtl&quot;:false,&quot;slideBy&quot;:&quot;1&quot;,&quot;touchDrag&quot;:true,&quot;slideTransition&quot;:&quot;&quot;,&quot;responsive&quot;:{&quot;0&quot;:{&quot;autoHeight&quot;:false,&quot;autoplay&quot;:true,&quot;autoWidth&quot;:false,&quot;center&quot;:false,&quot;dots&quot;:true,&quot;items&quot;:1,&quot;loop&quot;:true,&quot;nav&quot;:false,&quot;stagePadding&quot;:0,&quot;slideBy&quot;:&quot;1&quot;},&quot;601&quot;:{&quot;autoHeight&quot;:false,&quot;autoplay&quot;:true,&quot;autoWidth&quot;:false,&quot;center&quot;:false,&quot;dots&quot;:true,&quot;items&quot;:2,&quot;loop&quot;:true,&quot;nav&quot;:true,&quot;stagePadding&quot;:0,&quot;slideBy&quot;:&quot;1&quot;},&quot;1025&quot;:{&quot;autoHeight&quot;:false,&quot;autoplay&quot;:true,&quot;autoWidth&quot;:false,&quot;center&quot;:false,&quot;dots&quot;:true,&quot;items&quot;:3,&quot;loop&quot;:true,&quot;nav&quot;:true,&quot;stagePadding&quot;:0,&quot;slideBy&quot;:&quot;1&quot;},&quot;1281&quot;:{&quot;items&quot;:4,&quot;autoplay&quot;:true,&quot;center&quot;:false,&quot;dots&quot;:true,&quot;nav&quot;:true,&quot;autoHeight&quot;:false,&quot;autoWidth&quot;:false,&quot;loop&quot;:true,&quot;stagePadding&quot;:0}}}}'><\/div><\/div><\/div><\/div><\/div><\/div><\/div><\/div><\/div><\/div><\/div><\/section><section class=\"l-section wpb_row us_custom_d392eac1 height_medium\"><div class=\"l-section-overlay\" style=\"background:var(--color-header-middle-text-hover)\"><\/div><div class=\"l-section-h i-cf\"><div class=\"g-cols vc_row via_flex valign_top type_default stacking_default\"><div class=\"vc_col-sm-12 wpb_column vc_column_container\"><div class=\"vc_column-inner\"><div class=\"wpb_wrapper\"><div class=\"wpb_text_column us_custom_e5e1e481 has_text_color\"><div class=\"wpb_wrapper\"><p><strong>\u00a1Tome medidas para instar a las escuelas p\u00fablicas de Jeffco a adoptar un plan de acci\u00f3n clim\u00e1tica y garantizar un clima saludable para nuestros ni\u00f1os y las generaciones futuras!<br \/><\/strong><\/p>\n<\/div><\/div><div class=\"w-btn-wrapper align_center\"><a class=\"w-btn us-btn-style_5\" target=\"_blank\" href=\"\/sp\/jeffco-sustainability-action\/\"><span class=\"w-btn-label\">Firma la petici\u00f3n<\/span><\/a><\/div><\/div><\/div><\/div><\/div><\/div><\/section><section class=\"l-section wpb_row us_custom_8f6c8f26 height_medium\"><div class=\"l-section-h i-cf\"><div class=\"g-cols vc_row via_flex valign_top type_default stacking_default\"><div class=\"vc_col-sm-12 wpb_column vc_column_container\"><div class=\"vc_column-inner\"><div class=\"wpb_wrapper\"><div class=\"w-iconbox us_custom_15f9d3f2 iconpos_top style_outlined color_secondary align_center no_text no_title\"><div class=\"w-iconbox-icon\" style=\"font-size:35px;\"><i class=\"fas fa-question\"><\/i><\/div><div class=\"w-iconbox-meta\"><\/div><\/div><div class=\"wpb_text_column us_custom_d1cb2a13 has_text_color\"><div class=\"wpb_wrapper\"><p><strong>Alguna vez te has preguntado:<\/strong><\/p>\n<\/div><\/div><\/div><\/div><\/div><\/div><\/div><\/section><section class=\"l-section wpb_row us_custom_d458f0c6 height_medium\"><div class=\"l-section-h i-cf\"><div class=\"g-cols vc_row via_flex valign_top type_default stacking_default\"><div class=\"vc_col-sm-6 wpb_column vc_column_container\"><div class=\"vc_column-inner\"><div class=\"wpb_wrapper\"><div class=\"w-iconbox us_custom_15f9d3f2 iconpos_left style_default color_contrast align_left no_title\"><div class=\"w-iconbox-icon\" style=\"font-size:25px;\"><i class=\"fas fa-recycle\"><\/i><\/div><div class=\"w-iconbox-meta\"><div class=\"w-iconbox-text\"><p>\u00bfPor qu\u00e9 su escuela no hace abono ni recicla, especialmente teniendo en cuenta la cantidad de desperdicio de comida en la cafeter\u00eda?<\/p>\n<\/div><\/div><\/div><div class=\"w-iconbox us_custom_15f9d3f2 iconpos_left style_default color_contrast align_left no_title\"><div class=\"w-iconbox-icon\" style=\"font-size:25px;\"><i class=\"fas fa-bus-alt\"><\/i><\/div><div class=\"w-iconbox-meta\"><div class=\"w-iconbox-text\"><p>\u00bfSi los vapores del autob\u00fas di\u00e9sel perjudican la salud de los ni\u00f1os? \u00bfO incluso afectar a los estudiantes que juegan en el patio de recreo junto a autobuses parados todos los d\u00edas? \u00bfY si las emisiones de esos autobuses est\u00e1n afectando el futuro de nuestros hijos?<\/p>\n<\/div><\/div><\/div><div class=\"w-iconbox us_custom_15f9d3f2 iconpos_left style_default color_contrast align_left no_title\"><div class=\"w-iconbox-icon\" style=\"font-size:25px;\"><i class=\"fas fa-school\"><\/i><\/div><div class=\"w-iconbox-meta\"><div class=\"w-iconbox-text\"><p>\u00bfSi los edificios escolares mantienen a los estudiantes lo suficientemente frescos\/c\u00e1lidos para crear el mejor ambiente de aprendizaje y si respiran aire interior saludable?<\/p>\n<\/div><\/div><\/div><div class=\"w-iconbox us_custom_15f9d3f2 iconpos_left style_default color_contrast align_left no_title\"><div class=\"w-iconbox-icon\" style=\"font-size:25px;\"><i class=\"fas fa-book-reader\"><\/i><\/div><div class=\"w-iconbox-meta\"><div class=\"w-iconbox-text\"><p>\u00bfPor qu\u00e9 los programas de aprendizaje sostenible no son consistentes en todo el distrito?<\/p>\n<\/div><\/div><\/div><\/div><\/div><\/div><div class=\"vc_col-sm-6 wpb_column vc_column_container\"><div class=\"vc_column-inner\"><div class=\"wpb_wrapper\"><div class=\"w-image has_ratio align_none\"><div class=\"w-image-h\"><div style=\"padding-bottom:66.6667%\"><\/div><img decoding=\"async\" width=\"1024\" height=\"683\" src=\"https:\/\/www.mtnmamas.org\/wp-content\/uploads\/2024\/01\/students-recycling-1024x683.jpg\" class=\"attachment-large size-large\" alt=\"\" loading=\"lazy\" \/><\/div><\/div><\/div><\/div><\/div><\/div><\/div><\/section><section class=\"l-section wpb_row height_medium\"><div class=\"l-section-overlay\" style=\"background:#f5f5f5\"><\/div><div class=\"l-section-h i-cf\"><div class=\"g-cols vc_row via_flex valign_top type_default stacking_default\"><div class=\"vc_col-sm-12 wpb_column vc_column_container\"><div class=\"vc_column-inner\"><div class=\"wpb_wrapper\"><div class=\"g-cols wpb_row us_custom_de67d1db via_flex valign_top type_default stacking_default\"><div class=\"vc_col-sm-6 wpb_column vc_column_container hide_on_mobiles\"><div class=\"vc_column-inner\"><div class=\"wpb_wrapper\"><div class=\"w-image has_ratio align_none\"><div class=\"w-image-h\"><div style=\"padding-bottom:76.1905%\"><\/div><img decoding=\"async\" width=\"960\" height=\"685\" src=\"https:\/\/www.mtnmamas.org\/wp-content\/uploads\/2024\/01\/Hike-CO.jpg\" class=\"attachment-large size-large\" alt=\"\" loading=\"lazy\" \/><\/div><\/div><\/div><\/div><\/div><div class=\"vc_col-sm-6 wpb_column vc_column_container\"><div class=\"vc_column-inner\"><div class=\"wpb_wrapper\"><div class=\"wpb_text_column us_custom_a574d586 has_text_color\"><div class=\"wpb_wrapper\"><h2><strong>Quienes somos<\/strong><\/h2>\n<\/div><\/div><div class=\"wpb_text_column us_custom_fd258f8a\"><div class=\"wpb_wrapper\"><p><strong>JSPCA es un grupo creciente de estudiantes, padres y organizaciones comunitarias que est\u00e1n instando a las Escuelas P\u00fablicas de Jeffco (JPS) a adoptar un plan para hacer que las escuelas sean m\u00e1s eficientes energ\u00e9ticamente, reducir el desperdicio, crear lugares m\u00e1s saludables para que los estudiantes aprendan y ahorrarle al distrito el dinero que se puede gastar. volver a ponerlo en el aula.<\/strong><\/p>\n<p>El estado de Colorado, el condado de Jefferson y los municipios de todo el distrito han adoptado planes para reducir su huella de carbono. Como segundo distrito escolar m\u00e1s grande del estado, creemos que es hora de que las Escuelas P\u00fablicas de Jeffco den prioridad a las medidas para proteger el planeta para los ni\u00f1os a los que sirven y para las generaciones futuras.<\/p>\n<\/div><\/div><\/div><\/div><\/div><\/div><div class=\"g-cols wpb_row via_flex valign_top type_default stacking_default\"><div class=\"vc_col-sm-12 wpb_column vc_column_container\"><div class=\"vc_column-inner\"><div class=\"wpb_wrapper\"><div class=\"wpb_text_column us_custom_c465b853\"><div class=\"wpb_wrapper\"><p>Gracias a un gran coro de estudiantes y padres que instan al Distrito a tomar medidas en materia de sostenibilidad, las Escuelas P\u00fablicas de Jeffco han dado algunos pasos s\u00f3lidos hacia adelante. Estamos especialmente entusiasmados de que Jeffco haya creado un puesto de Gerente de Sostenibilidad, que creemos que es un primer paso importante. JSPCA agradece a la Junta de Educaci\u00f3n de Jeffco y al Superintendente Dorland por impulsar al Distrito hacia la sostenibilidad. Todav\u00eda hay m\u00e1s trabajo por hacer y esperamos continuar este trabajo hacia una pol\u00edtica clim\u00e1tica aprobada por la Junta Escolar, creando un grupo de trabajo para determinar c\u00f3mo alcanzar esos objetivos y estableciendo objetivos de energ\u00eda limpia y reducci\u00f3n de carbono que coincidan con los del nivel del condado y del estado.<\/p>\n<\/div><\/div><\/div><\/div><\/div><\/div><\/div><\/div><\/div><\/div><\/div><\/section><section class=\"l-section wpb_row us_custom_e664684d height_medium\"><div class=\"l-section-h i-cf\"><div class=\"g-cols vc_row via_flex valign_top type_default stacking_default\"><div class=\"vc_col-sm-12 wpb_column vc_column_container\"><div class=\"vc_column-inner\"><div class=\"wpb_wrapper\"><div class=\"g-cols wpb_row via_flex valign_top type_default stacking_default\"><div class=\"vc_col-sm-12 wpb_column vc_column_container\"><div class=\"vc_column-inner\"><div class=\"wpb_wrapper\"><div class=\"wpb_text_column us_custom_62c1a786 has_text_color\"><div class=\"wpb_wrapper\"><h2><strong>\u00bfPor qu\u00e9 un plan de acci\u00f3n clim\u00e1tica en las escuelas p\u00fablicas de Jeffco?<\/strong><\/h2>\n<\/div><\/div><\/div><\/div><\/div><\/div><div class=\"g-cols wpb_row us_custom_de67d1db via_flex valign_top type_default stacking_default\"><div class=\"vc_col-sm-4 wpb_column vc_column_container\"><div class=\"vc_column-inner us_custom_4673368b\"><div class=\"wpb_wrapper\"><div class=\"w-iconbox us_custom_3090c82c iconpos_top style_default color_secondary align_center no_text no_title\"><div class=\"w-iconbox-icon\" style=\"font-size:3rem;\"><i class=\"fas fa-usd-circle\"><\/i><\/div><div class=\"w-iconbox-meta\"><\/div><\/div><div class=\"wpb_text_column us_custom_ea9fdc26 has_text_color\"><div class=\"wpb_wrapper\"><p>Sostenibilidad significa ahorro de costos<\/p>\n<\/div><\/div><div class=\"wpb_text_column us_custom_fd258f8a\"><div class=\"wpb_wrapper\"><p>Jeffco es uno de los pocos distritos escolares en el \u00e1rea metropolitana sin iniciativas claras de sostenibilidad ambiental, lo que coloca al distrito detr\u00e1s de otros en el estado que ya se est\u00e1n beneficiando del ahorro de energ\u00eda y la reducci\u00f3n de desechos.<\/p>\n<p>Los programas federales y estatales tienen miles de millones de d\u00f3lares disponibles para ayudarnos en la transici\u00f3n a la energ\u00eda limpia. Deber\u00edamos aprovechar estas oportunidades en un momento en que los presupuestos se est\u00e1n ajustando.<\/p>\n<\/div><\/div><div class=\"w-popup w-btn-wrapper align_center\"><button type=\"button\" aria-label=\"Leer m\u00e1s\" class=\"w-popup-trigger type_btn w-btn us-btn-style_7\"><span class=\"w-btn-label\">Leer m\u00e1s<\/span><\/button><div class=\"w-popup-overlay\" style=\"background:rgba(0,0,0,0.75);\"><\/div><div class=\"w-popup-wrap layout_default\" role=\"dialog\" aria-modal=\"true\" aria-label=\"Leer m\u00e1s\" style=\"--title-color:var(--color-content-heading);--title-bg-color:var(--color-content-bg-alt);--content-color:var(--color-content-text);--content-bg-color:var(--color-content-bg);--closer-color:#ffffff;--popup-width:900px;--popup-padding:5%;\"><button aria-label=\"Cerrar\" class=\"w-popup-closer\" type=\"button\"><\/button><div class=\"w-popup-box animation_fadeIn closerpos_outside without_title\"><div class=\"w-popup-box-h\"><div class=\"w-popup-box-content\"><h4>SOSTENIBILIDAD SIGNIFICA AHORRO<\/h4>\n<p>Jeffco es uno de los pocos distritos escolares en el \u00e1rea metropolitana sin iniciativas claras de sostenibilidad ambiental, lo que coloca al distrito detr\u00e1s de otros en el estado que ya se est\u00e1n beneficiando del ahorro de energ\u00eda y la reducci\u00f3n de desechos.<\/p>\n<p>La Ley de Reducci\u00f3n de la Inflaci\u00f3n, la Ley Bipartidista de Infraestructura y los programas estatales tienen miles de millones de d\u00f3lares disponibles para ayudarnos en la transici\u00f3n a la energ\u00eda limpia. Estas oportunidades de financiamiento disponibles para las Escuelas Jeffco para invertir en soluciones ecol\u00f3gicas ahorrar\u00edan recursos y dinero en el futuro a largo plazo de JPS. Deber\u00edamos aprovechar estas oportunidades en un momento en que los presupuestos se est\u00e1n ajustando.<\/p>\n<p>Muchos otros distritos escolares de Colorado tienen un plan de acci\u00f3n clim\u00e1tica o iniciativas claras de sostenibilidad ambiental, incluidos Denver, Douglas, Colorado Springs D-11, Cherry Creek, Adams 12, St. Vrain, Boulder y m\u00e1s. Vea algunos de los ahorros de costos de esos distritos gracias a la eficiencia energ\u00e9tica, la reducci\u00f3n de desechos y la electrificaci\u00f3n de flotas:<\/p>\n<p><a href=\"https:\/\/sustainability.dpsk12.org\/\" target=\"_blank\" rel=\"noopener\"><b>Escuelas p\u00fablicas de Denver<\/b><\/a><b>:<\/b><span style=\"font-weight: 400;\">\u00a0\u00a0<\/span><\/p>\n<ul>\n<li style=\"font-weight: 400;\" aria-level=\"1\"><b>$<\/b><b>5.636.237 Costos anuales promedio evitados<\/b><span style=\"font-weight: 400;\"> debido a Medidas de Sostenibilidad.<\/span><a href=\"https:\/\/issuu.com\/dpscommunications\/docs\/dps_climate_action_plan_pages\" target=\"_blank\" rel=\"noopener\"><span style=\"font-weight: 400;\">Plan de Acci\u00f3n Clim\u00e1tica del DPS para 2023<\/span><\/a><span style=\"font-weight: 400;\">)<\/span><\/li>\n<li style=\"font-weight: 400;\" aria-level=\"1\"><span style=\"font-weight: 400;\">DPS es uno de los 13 distritos y escuelas charter de Colorado que agregar\u00e1n autobuses escolares el\u00e9ctricos a sus flotas a trav\u00e9s de $24 millones en fondos estatales y federales, lo que conducir\u00e1 a un aire m\u00e1s limpio. <\/span><b>y ahorro de costos para las escuelas.<\/b><\/li>\n<li style=\"font-weight: 400;\" aria-level=\"1\"><span style=\"font-weight: 400;\">Meta a 5 a\u00f1os: Garantizar que la tasa de desv\u00edo de vertederos sea de al menos el 25 %. Aproximadamente el 17% de los residuos se desv\u00edan (en 2 a\u00f1os).<\/span><\/li>\n<\/ul>\n<p><a href=\"https:\/\/betterbuildingssolutioncenter.energy.gov\/partners\/aurora-public-schools\" target=\"_blank\" rel=\"noopener\"><b>Escuelas P\u00fablicas de Aurora<\/b><\/a><b>:<\/b><\/p>\n<ul>\n<li style=\"font-weight: 400;\" aria-level=\"1\"><span style=\"font-weight: 400;\">Reducci\u00f3n del 12 % en la intensidad del uso de energ\u00eda en los edificios desde una base de 2013 en 2017 y realizada<\/span><b> m\u00e1s de $1 mill\u00f3n en ahorro de costos acumulados<\/b><span style=\"font-weight: 400;\"> en esos cuatro a\u00f1os.<\/span><\/li>\n<li style=\"font-weight: 400;\" aria-level=\"1\"><span style=\"font-weight: 400;\">Bien situado para cumplir con el objetivo del distrito de lograr una reducci\u00f3n del 20 por ciento en el consumo para 2023.<\/span><\/li>\n<\/ul>\n<p><a href=\"https:\/\/www.hvacinformed.com\/news\/cherry-creek-school-district-johnson-controls-colorado-healthy-sustainable-future-co-1570642667-ga.1650429532.html\" target=\"_blank\" rel=\"noopener\"><span style=\"font-weight: 400;\">Escuelas p\u00fablicas de Cherry Creek<\/span><\/a><\/p>\n<ul>\n<li style=\"font-weight: 400;\" aria-level=\"1\"><span style=\"font-weight: 400;\">Lanz\u00f3 una iniciativa de infraestructura y ahorro de energ\u00eda en abril de 2023 para reducir las emisiones de carbono y redirigir millones de d\u00f3lares nuevamente a las aulas.<\/span><\/li>\n<li style=\"font-weight: 400;\" aria-level=\"1\"><a href=\"https:\/\/www.hvacinformed.com\/news\/cherry-creek-school-district-johnson-controls-colorado-healthy-sustainable-future-co-1570642667-ga.1650429532.html\" target=\"_blank\" rel=\"noopener\"><span style=\"font-weight: 400;\">Se espera que reduzca las emisiones anuales de carbono en un 25% y el uso de agua en 1.800 millones de galones. <\/span><b>y proporcionar ahorros netos al distrito escolar de $20 millones durante los pr\u00f3ximos 20 a\u00f1os. <\/b><\/a><b>\u00a0<\/b><\/li>\n<\/ul>\n<p><a href=\"https:\/\/www.bvsd.org\/departments\/operational-services\/sustainability\" target=\"_blank\" rel=\"noopener\"><span style=\"font-weight: 400;\">Distrito Escolar del Valle de Boulder<\/span><\/a><b>:<\/b><\/p>\n<ul>\n<li style=\"font-weight: 400;\" aria-level=\"1\"><span style=\"font-weight: 400;\">La tasa actual de desviaci\u00f3n de desechos de BVSD del 35% supera el promedio estatal. Se esfuerza por reducir las emisiones de GEI en un 80 % y volverse clim\u00e1ticamente neutral para 2050. BVSD tiene 6 autobuses el\u00e9ctricos, con el objetivo de reducir las emisiones del transporte local en un 25 % para 2026.<\/span><\/li>\n<\/ul>\n<p><span style=\"font-weight: 400;\">Lea m\u00e1s sobre iniciativas de sostenibilidad y ahorro de costos en otros distritos escolares de Colorado:<\/span> \u00a0<\/p>\n<ul>\n<li aria-level=\"1\"><a href=\"https:\/\/www.svvsd.org\/departments\/operations-maintenance\/energy-sustainability\/energy-and-sustainability-program-overview\/\" target=\"_blank\" rel=\"noopener\"><b>Distrito escolar del valle de St. Vrain<\/b><\/a><b>\u00a0<\/b><\/li>\n<\/ul>\n<ul>\n<li aria-level=\"1\"><a href=\"https:\/\/sustaindcsd.org\/\" target=\"_blank\" rel=\"noopener\"><b>Distrito Escolar del Condado de Douglas\u00a0<\/b><\/a><\/li>\n<\/ul>\n<ul>\n<li aria-level=\"2\"><a href=\"https:\/\/sustaindcsd.org\/operations-maintanence\" target=\"_blank\" rel=\"noopener\"><b>Operaciones y mantenimiento de las escuelas del condado de Douglas<\/b><\/a><\/li>\n<\/ul>\n<ul>\n<li aria-level=\"1\"><a href=\"https:\/\/www.d11.org\/administration\/business-services\/energy\" target=\"_blank\" rel=\"noopener\"><b>Distrito Escolar 11 de Colorado Springs<\/b><\/a><b>\u00a0<\/b><\/li>\n<\/ul>\n<ul>\n<li aria-level=\"1\"><a href=\"https:\/\/www.adams12.org\/resources\/facilities\/energy-and-sustainability\" target=\"_blank\" rel=\"noopener\"><b>Distrito escolar del condado de Adams<\/b><\/a><\/li>\n<\/ul>\n<ul>\n<li aria-level=\"1\"><a href=\"https:\/\/www.psdschools.org\/your-district\/sustainability\/awards-and-recognition\" target=\"_blank\" rel=\"noopener\"><b>Distrito Escolar Poudre<\/b><\/a><\/li>\n<\/ul>\n<ul>\n<li aria-level=\"1\"><a href=\"https:\/\/littletonpublicschools.net\/sustainability-energy-management#:~:text=We%20recycle%20all%20plastic%20containers,lunch%20trays%20and%20trash%20bags\" target=\"_blank\" rel=\"noopener\"><b>Escuelas P\u00fablicas de Littleton<\/b><\/a><\/li>\n<\/ul>\n<p><b>Las escuelas de Jeffco deber\u00edan aprovechar las oportunidades de financiamiento estatal y federal para invertir en soluciones ecol\u00f3gicas que <\/b><b><i>ahorrar recursos y dinero<\/i><\/b><b> en el futuro a largo plazo de JPS, como lo est\u00e1n haciendo muchos otros distritos escolares del estado.\u00a0<\/b><\/p>\n<\/div><\/div><\/div><\/div><\/div><\/div><\/div><\/div><div class=\"vc_col-sm-4 wpb_column vc_column_container\"><div class=\"vc_column-inner us_custom_4673368b\"><div class=\"wpb_wrapper\"><div class=\"w-iconbox us_custom_3090c82c iconpos_top style_default color_secondary align_center no_text no_title\"><div class=\"w-iconbox-icon\" style=\"font-size:3rem;\"><i class=\"fas fa-brain\"><\/i><\/div><div class=\"w-iconbox-meta\"><\/div><\/div><div class=\"wpb_text_column us_custom_ea9fdc26 has_text_color\"><div class=\"wpb_wrapper\"><p>El entorno escolar influye directamente en el aprendizaje<\/p>\n<\/div><\/div><div class=\"wpb_text_column us_custom_fd258f8a\"><div class=\"wpb_wrapper\"><p>Garantizar que nuestras escuelas sean lugares saludables para aprender es fundamental para el \u00e9xito educativo de los estudiantes. La temperatura ambiente c\u00f3moda, el aire limpio y el agua potable limpia impactan el desempe\u00f1o, la asistencia y la concentraci\u00f3n tanto de los estudiantes como del personal.<\/p>\n<p>Adem\u00e1s, la salud mental de los estudiantes se ve afectada. El 75% de los j\u00f3venes tiene miedo por su futuro debido a la crisis clim\u00e1tica.<\/p>\n<\/div><\/div><div class=\"w-popup w-btn-wrapper align_center\"><button type=\"button\" aria-label=\"Leer m\u00e1s\" class=\"w-popup-trigger type_btn w-btn us-btn-style_7\"><span class=\"w-btn-label\">Leer m\u00e1s<\/span><\/button><div class=\"w-popup-overlay\" style=\"background:rgba(0,0,0,0.85);\"><\/div><div class=\"w-popup-wrap layout_default\" role=\"dialog\" aria-modal=\"true\" aria-label=\"Leer m\u00e1s\" style=\"--title-color:var(--color-content-heading);--title-bg-color:var(--color-content-bg-alt);--content-color:var(--color-content-text);--content-bg-color:var(--color-content-bg);--closer-color:#ffffff;--popup-width:900px;--popup-padding:5%;\"><button aria-label=\"Cerrar\" class=\"w-popup-closer\" type=\"button\"><\/button><div class=\"w-popup-box animation_fadeIn closerpos_outside without_title\"><div class=\"w-popup-box-h\"><div class=\"w-popup-box-content\"><h4>IMPACTOS EN LOS ESTUDIANTES<\/h4>\n<p>Garantizar que nuestras escuelas sean lugares saludables para aprender es fundamental para el \u00e9xito educativo de los estudiantes. La temperatura ambiente confortable, el aire limpio y el agua potable limpia influyen en el rendimiento. <a href=\"https:\/\/www.kktv.com\/2023\/11\/29\/bad-air-quality-colorado-causes-thousands-kids-miss-school-each-year-new-initiative-place-combat-issue\/\" target=\"_blank\" rel=\"noopener\">asistencia<\/a> y concentraci\u00f3n tanto de estudiantes como de personal. Adem\u00e1s, la salud mental de los estudiantes se ve afectada. El 75% de los j\u00f3venes tiene miedo sobre su futuro debido a la crisis clim\u00e1tica, y el 45% dijo que sus sentimientos sobre el cambio clim\u00e1tico afectan negativamente su vida diaria y su funcionamiento. <a href=\"https:\/\/www.sciencedirect.com\/science\/article\/pii\/S2542519621002783?ssrnid=3918955&amp;dgcid=SSRN_redirect_SD\" target=\"_blank\" rel=\"noopener\">seg\u00fan un estudio mundial<\/a>.<\/p>\n<p><span style=\"font-weight: 400;\">Los ni\u00f1os representan un grupo particularmente vulnerable porque los gases de efecto invernadero emitidos a la atm\u00f3sfera seguir\u00e1n acumul\u00e1ndose durante las pr\u00f3ximas d\u00e9cadas y afectar\u00e1n profundamente a nuestros estudiantes actuales a lo largo de sus vidas, as\u00ed como a las vidas de las generaciones futuras. Nadie sufrir\u00e1 m\u00e1s las consecuencias de la actual crisis clim\u00e1tica que nuestros hijos y sus hijos.\u00a0<\/span><\/p>\n<ul>\n<li style=\"font-weight: 400;\" aria-level=\"1\"><span style=\"font-weight: 400;\">Los ni\u00f1os no s\u00f3lo son f\u00edsicamente m\u00e1s vulnerables a los efectos directos del calor extremo, la sequ\u00eda y los desastres naturales, sino que los efectos indirectos del cambio clim\u00e1tico tambi\u00e9n pueden descarrilar las trayectorias de desarrollo de los ni\u00f1os y causar impactos psicol\u00f3gicos negativos, seg\u00fan un estudio. <\/span><a href=\"https:\/\/futureofchildren.princeton.edu\/sites\/g\/files\/toruqf2411\/files\/media\/children_and_climate_change_26_1_full_journal.pdf\" target=\"_blank\" rel=\"noopener\"><span style=\"font-weight: 400;\">informe<\/span><\/a><span style=\"font-weight: 400;\"> por Princeton y la Brookings Institution.\u00a0\u00a0<\/span><\/li>\n<li style=\"font-weight: 400;\" aria-level=\"1\"><span style=\"font-weight: 400;\">Las olas de calor afectar\u00e1n a casi todos los ni\u00f1os del planeta de aqu\u00ed a 2050, seg\u00fan datos del Fondo de las Naciones Unidas para la Infancia (UNICEF). \u201c<\/span><i><span style=\"font-weight: 400;\">La crisis clim\u00e1tica es una crisis de derechos del ni\u00f1o<\/span><\/i><span style=\"font-weight: 400;\"> \u2013 y ya est\u00e1 cobrando un precio devastador en las vidas y el futuro de los ni\u00f1os\u201d, <\/span><a href=\"https:\/\/news.un.org\/en\/story\/2022\/10\/1129852\" target=\"_blank\" rel=\"noopener\"><span style=\"font-weight: 400;\">Advirti\u00f3 al Director Ejecutivo de UNICEF<\/span><\/a><span style=\"font-weight: 400;\">.\u00a0<\/span><\/li>\n<\/ul>\n<p><span style=\"font-weight: 400;\">En Colorado<\/span><b>, <\/b><span style=\"font-weight: 400;\">escuchamos regularmente acerca de c\u00f3mo el cambio clim\u00e1tico puede tener un profundo <\/span><a href=\"https:\/\/www.coloradokids.org\/climate-change-has-significant-impacts-on-the-health-and-well-being-of-children-and-families\/\" target=\"_blank\" rel=\"noopener\"><span style=\"font-weight: 400;\">Impacto en la salud mental y el bienestar de los ni\u00f1os.<\/span><\/a><span style=\"font-weight: 400;\">.\u00a0\u00a0<\/span><\/p>\n<p><span style=\"font-weight: 400;\">Los estudiantes de Colorado dicen<\/span> <a href=\"https:\/\/www.cpr.org\/2023\/11\/07\/colorado-students-want-climate-solutions-education\/\" target=\"_blank\" rel=\"noopener\"><b>Quieren m\u00e1s educaci\u00f3n clim\u00e1tica orientada a soluciones<\/b><\/a><span style=\"font-weight: 400;\"> ahora antes de que sea demasiado tarde. Preparar a los estudiantes para el futuro, crear entornos de aprendizaje saludables y ense\u00f1arles a ser administradores reflexivos de los recursos de la Tierra puede ayudarlos a obtener el conocimiento necesario para convertirse en adultos contribuyentes y desempe\u00f1ar un papel en la promoci\u00f3n de un medio ambiente m\u00e1s sostenible y equitativo.\u00a0\u00a0<\/span><\/p>\n<\/div><\/div><\/div><\/div><\/div><\/div><\/div><\/div><div class=\"vc_col-sm-4 wpb_column vc_column_container\"><div class=\"vc_column-inner us_custom_262f83c0\"><div class=\"wpb_wrapper\"><div class=\"w-iconbox us_custom_3090c82c iconpos_top style_default color_secondary align_center no_text no_title\"><div class=\"w-iconbox-icon\" style=\"font-size:3rem;\"><i class=\"fas fa-school\"><\/i><\/div><div class=\"w-iconbox-meta\"><\/div><\/div><div class=\"wpb_text_column us_custom_ea9fdc26 has_text_color\"><div class=\"wpb_wrapper\"><p>Las escuelas tienen un gran impacto en el cambio clim\u00e1tico<\/p>\n<\/div><\/div><div class=\"wpb_text_column us_custom_fd258f8a\"><div class=\"wpb_wrapper\"><p>El Distrito Escolar de Jeffco incluye m\u00e1s de 155 escuelas y m\u00e1s de 90,000 estudiantes y empleados combinados, lo que contribuye a grandes cantidades de emisiones de edificios, emisiones de transporte y desechos org\u00e1nicos y de materiales. Las escuelas de Jeffco deber\u00edan crear objetivos clim\u00e1ticos para mejorar su infraestructura de reciclaje, hacer la transici\u00f3n a veh\u00edculos el\u00e9ctricos y mejorar la eficiencia energ\u00e9tica. <\/p>\n<\/div><\/div><div class=\"w-popup w-btn-wrapper align_center\"><button type=\"button\" aria-label=\"Leer m\u00e1s\" class=\"w-popup-trigger type_btn w-btn us-btn-style_7\"><span class=\"w-btn-label\">Leer m\u00e1s<\/span><\/button><div class=\"w-popup-overlay\" style=\"background:rgba(0,0,0,0.75);\"><\/div><div class=\"w-popup-wrap layout_default\" role=\"dialog\" aria-modal=\"true\" aria-label=\"Leer m\u00e1s\" style=\"--title-color:var(--color-content-heading);--title-bg-color:var(--color-content-bg-alt);--content-color:var(--color-content-text);--content-bg-color:var(--color-content-bg);--closer-color:#ffffff;--popup-width:900px;--popup-padding:5%;\"><button aria-label=\"Cerrar\" class=\"w-popup-closer\" type=\"button\"><\/button><div class=\"w-popup-box animation_fadeIn closerpos_outside without_title\"><div class=\"w-popup-box-h\"><div class=\"w-popup-box-content\"><h4>IMPACTOS AMBIENTALES<\/h4>\n<p><span style=\"font-weight: 400;\">Con m\u00e1s de 155 escuelas, 12 millones de pies cuadrados de espacio de construcci\u00f3n cerrado, m\u00e1s de 3100 acres de terreno y m\u00e1s de 90,000 estudiantes y empleados combinados en el Distrito Escolar de Jeffco, su impacto ambiental y huella de carbono es uno de los m\u00e1s grandes del estado.\u00a0<\/span> <span style=\"font-weight: 400;\">Jeffco Schools tiene la oportunidad de crear objetivos clim\u00e1ticos que se alineen con la <\/span><a href=\"https:\/\/www.jeffco.us\/4410\/Climate-Action-Plan\" target=\"_blank\" rel=\"noopener\"><span style=\"font-weight: 400;\">Plan de acci\u00f3n clim\u00e1tica del condado de Jefferson<\/span><\/a><span style=\"font-weight: 400;\">, <\/span><a href=\"https:\/\/energyoffice.colorado.gov\/sites\/energyoffice\/files\/documents\/ROADMAPTO100%25RENEWABLE.pdf\"><span style=\"font-weight: 400;\">el Plan de Acci\u00f3n Clim\u00e1tica de Colorado<\/span><\/a><span style=\"font-weight: 400;\"> y municipios de todo el distrito. Dada la urgencia del cambio clim\u00e1tico, las Escuelas de Jeffco deber\u00edan considerar su responsabilidad de participar en las soluciones clim\u00e1ticas. Puede comenzar por:\u00a0<\/span><\/p>\n<p><b>Crear una infraestructura en todo el sistema para el reciclaje, el compostaje y la desviaci\u00f3n de residuos.<\/b><span style=\"font-weight: 400;\">\u00a0<\/span><\/p>\n<ul>\n<li><span style=\"font-weight: 400;\">Un <\/span><a href=\"https:\/\/www.worldwildlife.org\/stories\/food-waste-warriors\" target=\"_blank\" rel=\"noopener\"><span style=\"font-weight: 400;\">estudio del Fondo Mundial para la Naturaleza de 2019<\/span><\/a><span style=\"font-weight: 400;\"> Se encontr\u00f3 que los distritos escolares desperdician 530,000 <\/span><i><span style=\"font-weight: 400;\">toneladas<\/span><\/i><span style=\"font-weight: 400;\"> de alimentos al a\u00f1o, lo que representa casi <\/span><i><span style=\"font-weight: 400;\">2 millones de toneladas m\u00e9tricas de di\u00f3xido de carbono<\/span><\/i><span style=\"font-weight: 400;\">. Con la incorporaci\u00f3n de almuerzos gratuitos en el distrito, a\u00fan m\u00e1s alimentos no consumidos terminan en vertederos y emiten metano, un potente gas de efecto invernadero que contribuye al cambio clim\u00e1tico.\u00a0<\/span><\/li>\n<li><span style=\"font-weight: 400;\">Existen oportunidades para desviar los desechos, como una infraestructura de reciclaje en todo el sistema y programas de compostaje. Las escuelas tambi\u00e9n pueden reducir el desperdicio de alimentos desviando los excedentes a trav\u00e9s de mesas compartidas o programas de donaci\u00f3n de alimentos. Las escuelas de Jeffco pueden solicitar oportunidades de financiamiento y asistencia t\u00e9cnica a trav\u00e9s de programas como <\/span><a href=\"https:\/\/www.coloradofrwd.org\/\" target=\"_blank\" rel=\"noopener\"><span style=\"font-weight: 400;\">Desv\u00edo de desechos de primera l\u00ednea<\/span><\/a><span style=\"font-weight: 400;\">.\u00a0<\/span><\/li>\n<\/ul>\n<p><b>Transici\u00f3n a veh\u00edculos el\u00e9ctricos<\/b><\/p>\n<ul>\n<li><span style=\"font-weight: 400;\">Jeffco Schools posee y opera una gran flota de autobuses di\u00e9sel y propano, junto con otros veh\u00edculos del distrito escolar para negocios escolares, lo que contribuye al <\/span><i><span style=\"font-weight: 400;\">aire contaminado<\/span><\/i><span style=\"font-weight: 400;\">. Adem\u00e1s, los ni\u00f1os expuestos a la contaminaci\u00f3n por di\u00e9sel los exponen a un mayor riesgo de sufrir problemas de salud como enfermedades pulmonares y card\u00edacas, asma, c\u00e1ncer y otros problemas de salud.<\/span><\/li>\n<li><span style=\"font-weight: 400;\">La Asociaci\u00f3n Estadounidense del Pulm\u00f3n estudia la calidad del aire en todo el pa\u00eds utilizando datos de monitores de calidad del aire y otorga a los condados una calificaci\u00f3n muy parecida a la que obtienen nuestros ni\u00f1os en sus boletas de calificaciones. <\/span><a href=\"https:\/\/www.lung.org\/research\/sota\/city-rankings\/states\/colorado\/jefferson\" target=\"_blank\" rel=\"noopener\"><b>El condado de Jefferson recibi\u00f3 una F por la calidad del aire<\/b><span style=\"font-weight: 400;\">.<\/span><\/a> <i><span style=\"font-weight: 400;\">Nosotros estamos fallando<\/span><\/i><span style=\"font-weight: 400;\">.<\/span><\/li>\n<li><span style=\"font-weight: 400;\">Las Escuelas de Jeffco pueden convertir gradualmente las flotas del distrito y otros equipos que funcionan con gasolina o di\u00e9sel en <\/span><b>alternativas el\u00e9ctricas. <\/b><span style=\"font-weight: 400;\">Hay recursos disponibles a trav\u00e9s de <\/span><a href=\"https:\/\/www.epa.gov\/cleanschoolbus\/clean-school-bus-program-rebates\" target=\"_blank\" rel=\"noopener\"><span style=\"font-weight: 400;\">Reembolsos\/subvenciones para autobuses escolares limpios de la EPA<\/span><\/a><span style=\"font-weight: 400;\">, <\/span><a href=\"https:\/\/cdphe.colorado.gov\/electric-school-buses\" target=\"_blank\" rel=\"noopener\"><span style=\"font-weight: 400;\">Programa de subvenciones para autobuses escolares el\u00e9ctricos de Colorado<\/span><\/a><span style=\"font-weight: 400;\">, <\/span><a href=\"https:\/\/cdphe.colorado.gov\/clean-fleet-vehicle-technology-grant-program\" target=\"_blank\" rel=\"noopener\"><span style=\"font-weight: 400;\">Colorado <\/span><span style=\"font-weight: 400;\">Programa de subvenciones para tecnolog\u00eda y veh\u00edculos de flota limpia, <\/span><\/a><span style=\"font-weight: 400;\">y otro <\/span><a href=\"https:\/\/pirg.org\/colorado\/foundation\/resources\/state-of-electric-school-buses-in-colorado\/\" target=\"_blank\" rel=\"noopener\"><span style=\"font-weight: 400;\">oportunidades<\/span><\/a><span style=\"font-weight: 400;\">.\n<p><\/span><\/li>\n<\/ul>\n<p><b>Mejorar la eficiencia energ\u00e9tica<\/b><\/p>\n<ul>\n<li><span style=\"font-weight: 400;\">Las escuelas K-12 se encuentran entre los mayores consumidores de energ\u00eda en el sector p\u00fablico y en todo el pa\u00eds. <\/span><a href=\"https:\/\/betterbuildingssolutioncenter.energy.gov\/sectors\/k-12-school-districts\" target=\"_blank\" rel=\"noopener\"><span style=\"font-weight: 400;\">gastan aproximadamente 8 mil millones de d\u00f3lares al a\u00f1o en costos de energ\u00eda<\/span><\/a><span style=\"font-weight: 400;\"> \u2013 equivalente a la producci\u00f3n de m\u00e1s de 8 millones de hogares. A nivel nacional, los costos de energ\u00eda son los <\/span><a href=\"https:\/\/www.thisisplaneted.org\/img\/K12-ClimateActionPlan-Mitigation-Screen.pdf\" target=\"_blank\" rel=\"noopener\"><span style=\"font-weight: 400;\">segundo costo m\u00e1s grande<\/span><\/a><span style=\"font-weight: 400;\"> para los distritos escolares, s\u00f3lo superado por los salarios. Reducir el impacto ambiental de las escuelas a trav\u00e9s de la eficiencia energ\u00e9tica, la energ\u00eda limpia, la educaci\u00f3n energ\u00e9tica y la infraestructura sostenible tiene beneficios ambientales, financieros y de salud. (<\/span><a href=\"https:\/\/www.thisisplaneted.org\/img\/K12-ClimateActionPlan-Mitigation-Screen.pdf\" target=\"_blank\" rel=\"noopener\"><span style=\"font-weight: 400;\">Instituto Aspen<\/span><\/a><span style=\"font-weight: 400;\">)\u00a0 \u00a0<\/span><\/li>\n<li><span style=\"font-weight: 400;\">Las escuelas de Jeffco pueden establecer objetivos para reducir el uso de energ\u00eda y hacer la transici\u00f3n a energ\u00eda limpia. Puede y debe trabajar con la Comisi\u00f3n de Sostenibilidad del Condado de Jefferson, los municipios locales y el estado para desarrollar un plan de acci\u00f3n clim\u00e1tica y recibir apoyo para mitigar su huella ambiental e implementar programas para adaptarse y desarrollar resiliencia en la preparaci\u00f3n para posibles impactos clim\u00e1ticos locales.\u00a0<\/span><\/li>\n<li><span style=\"font-weight: 400;\">Como ejemplo, las Escuelas P\u00fablicas de Aurora se unieron al <\/span><span style=\"font-weight: 400;\">El desaf\u00edo de mejores edificios del <\/span><a href=\"https:\/\/betterbuildingssolutioncenter.energy.gov\/sectors\/k-12-school-districts\" target=\"_blank\" rel=\"noopener\"><span style=\"font-weight: 400;\">Departamento de Energ\u00eda de EE. UU.<\/span><\/a><span style=\"font-weight: 400;\"> en 2014 y tiene como objetivo reducir el uso de energ\u00eda en un 20% durante un per\u00edodo de 10 a\u00f1os, y tambi\u00e9n se espera que la intensidad del agua en la cartera del distrito sea un 20% menor que su a\u00f1o de referencia.\u00a0<\/span><\/li>\n<\/ul>\n<p><span style=\"font-weight: 400;\">Creemos que JPS deber\u00eda aprovechar las oportunidades estatales y federales para reducir su huella de carbono y realizar la transici\u00f3n a operaciones m\u00e1s sostenibles.<\/span><\/p>\n<\/div><\/div><\/div><\/div><\/div><\/div><\/div><\/div><\/div><\/div><\/div><\/div><\/div><\/div><\/section><section class=\"l-section wpb_row us_custom_0a22363e height_medium\"><div class=\"l-section-h i-cf\"><div class=\"g-cols vc_row via_flex valign_top type_default stacking_default\"><div class=\"vc_col-sm-12 wpb_column vc_column_container\"><div class=\"vc_column-inner\"><div class=\"wpb_wrapper\"><div class=\"wpb_text_column us_custom_4420912d has_text_color\"><div class=\"wpb_wrapper\"><p>\u00a1Tome medidas para instar a las escuelas p\u00fablicas de Jeffco a adoptar un plan de acci\u00f3n clim\u00e1tica y garantizar un clima saludable para nuestros ni\u00f1os y las generaciones futuras!<\/p>\n<\/div><\/div><div class=\"w-btn-wrapper align_center\"><a class=\"w-btn us-btn-style_3\" target=\"_blank\" href=\"\/sp\/jeffco-sustainability-action\/\"><span class=\"w-btn-label\">Firma la petici\u00f3n<\/span><\/a><\/div><\/div><\/div><\/div><\/div><\/div><\/section><section class=\"l-section wpb_row us_custom_1f5f827b height_medium with_img\"><div class=\"l-section-img\" role=\"img\" aria-label=\"Imagen\" data-img-width=\"2560\" data-img-height=\"1707\" style=\"background-image: url(https:\/\/www.mtnmamas.org\/wp-content\/uploads\/2022\/06\/P1011211-scaled.jpg);\"><\/div><div class=\"l-section-overlay\" style=\"background:rgba(0,153,170,0.90)\"><\/div><div class=\"l-section-h i-cf\"><div class=\"g-cols vc_row via_flex valign_top type_default stacking_default\"><div class=\"vc_col-sm-12 wpb_column vc_column_container\"><div class=\"vc_column-inner\"><div class=\"wpb_wrapper\"><div class=\"wpb_text_column us_custom_3b83b399 has_text_color\"><div class=\"wpb_wrapper\"><p><strong>\u00bfEl club, organizaci\u00f3n o empresa medioambiental de tu escuela quiere ayudar?<\/strong><\/p>\n<\/div><\/div><div class=\"w-btn-wrapper align_center\"><a class=\"w-btn us-btn-style_6 us_custom_bbc44d6f has_text_color\" target=\"_blank\" href=\"https:\/\/docs.google.com\/forms\/d\/e\/1FAIpQLSdUNJ0YawxPqLDk6WrHl3CtD7NNf4_yNqdNYW6xEcYeLkrsDA\/viewform\"><span class=\"w-btn-label\">\u00a1Por favor complete este formulario y participe!<\/span><\/a><\/div><\/div><\/div><\/div><\/div><\/div><\/section><section class=\"l-section wpb_row us_custom_921d0ed9 height_medium with_img\"><div class=\"l-section-img\" role=\"img\" aria-label=\"Imagen\" data-img-width=\"1000\" data-img-height=\"651\" style=\"background-image: url(https:\/\/www.mtnmamas.org\/wp-content\/uploads\/2024\/01\/classroom-photo-medium.jpg);\"><\/div><div class=\"l-section-overlay\" style=\"background:rgba(255,255,255,0.85)\"><\/div><div class=\"l-section-h i-cf\"><div class=\"g-cols vc_row via_flex valign_top type_default stacking_default\"><div class=\"vc_col-sm-12 wpb_column vc_column_container\"><div class=\"vc_column-inner us_custom_4edece6e\"><div class=\"wpb_wrapper\"><div class=\"g-cols wpb_row via_flex valign_top type_default stacking_default\"><div class=\"vc_col-sm-12 wpb_column vc_column_container\"><div class=\"vc_column-inner\"><div class=\"wpb_wrapper\"><div class=\"wpb_text_column us_custom_b9155972 has_text_color\"><div class=\"wpb_wrapper\"><p>Todos estamos juntos en esto<\/p>\n<\/div><\/div><\/div><\/div><\/div><\/div><div class=\"g-cols wpb_row via_flex valign_top type_default stacking_default\"><div class=\"vc_col-sm-6 wpb_column vc_column_container\"><div class=\"vc_column-inner\"><div class=\"wpb_wrapper\"><div class=\"w-image us_custom_3188818e has_ratio align_none\"><div class=\"w-image-h\"><div style=\"padding-bottom:52.381%\"><\/div><img decoding=\"async\" width=\"1000\" height=\"695\" src=\"https:\/\/www.mtnmamas.org\/wp-content\/uploads\/2024\/01\/student-.jpg\" class=\"attachment-large size-large\" alt=\"Smiling child girl draws planet earth with wax colors on school notebook for Earth day - Little activist girl writes the message Save the Planet - Protection of environment, global warming\" loading=\"lazy\" \/><\/div><\/div><\/div><\/div><\/div><div class=\"vc_col-sm-6 wpb_column vc_column_container\"><div class=\"vc_column-inner\"><div class=\"wpb_wrapper\"><div class=\"wpb_text_column us_custom_fd258f8a\"><div class=\"wpb_wrapper\"><p>Las Escuelas P\u00fablicas de Jeffco pueden unirse a los esfuerzos locales existentes para reducir su impacto clim\u00e1tico. Los municipios del distrito, el condado de Jefferson y el estado de Colorado est\u00e1n trabajando para ser m\u00e1s sostenibles. JSPCA cree que todos podemos trabajar juntos para ayudar a garantizar que los estudiantes prosperen en un ambiente seguro y saludable.<\/p>\n<p><a href=\"\/sp\/jeffco-sustainability-action\/\" target=\"_blank\" rel=\"noopener\">Las voces de los estudiantes y los padres son fundamentales en este esfuerzo. El Distrito necesita saber de usted. \u00a1Por favor \u00fanete a nosotros!<\/a><\/p>\n<\/div><\/div><\/div><\/div><\/div><\/div><div class=\"wpb_text_column us_custom_1efe6172 has_text_color\"><div class=\"wpb_wrapper\"><p><strong>A JSPCA le gustar\u00eda que las Escuelas P\u00fablicas de Jeffco:<\/strong><\/p>\n<\/div><\/div><div class=\"wpb_text_column us_custom_adb6aa1c\"><div class=\"wpb_wrapper\"><ol>\n<li>Establecer objetivos para reducir las emisiones generales de gases de efecto invernadero en al menos un 73% de los niveles de emisiones de gases de efecto invernadero en todo el distrito que exist\u00edan en 2015 para 2035, de acuerdo con el Plan de Acci\u00f3n Clim\u00e1tica del Condado de Jefferson.<\/li>\n<li>Utilizar electricidad 100% limpia para 2040 en consonancia con la Hoja de Ruta del Estado de Colorado hacia el Plan 100% de Electricidad Renovable para 2040 y las pol\u00edticas relacionadas.<\/li>\n<li>Reducir el riesgo clim\u00e1tico para todas las personas, con prioridad para quienes experimentan las mayores disparidades, priorizando acciones de sostenibilidad en escuelas y comunidades que enfrentan mayor inequidad y\/o injusticia ambiental.<\/li>\n<li>Crear un Grupo de Trabajo de Sostenibilidad, dirigido por el Gerente de Sostenibilidad, que incluya a miembros de la comunidad, estudiantes, expertos en energ\u00eda, socios y personal del distrito para desarrollar un plan de sostenibilidad que se presentar\u00e1 a la Junta y que aborde las siguientes \u00e1reas:<\/li>\n<\/ol>\n<\/div><\/div><div class=\"w-tabs us_custom_d0137cb8 style_default switch_click accordion has_scrolling\" style=\"--sections-title-size:inherit\"><div class=\"w-tabs-sections titles-align_none icon_chevron cpos_right\"><div class=\"w-tabs-section has_text_color no_indents\" id=\"k1b6\" style=\"color:var(--color-header-middle-text);\"><button class=\"w-tabs-section-header\" aria-controls=\"content-k1b6\" aria-expanded=\"false\"><div class=\"w-tabs-section-title\">Vea las \u00e1reas que aborda el plan<\/div><div class=\"w-tabs-section-control\"><\/div><\/button><div  class=\"w-tabs-section-content us_custom_360e0481\" id=\"content-k1b6\"><div class=\"w-tabs-section-content-h i-cf\"><div class=\"wpb_text_column us_custom_c0dd59f4\"><div class=\"wpb_wrapper\"><ul>\n<li>Involucrar activamente a los estudiantes en la creaci\u00f3n de una cultura de sostenibilidad en todo el distrito con oportunidades para trabajar en la comunidad en general y desarrollar programas de preparaci\u00f3n profesional para permitir que los estudiantes ingresen a la econom\u00eda verde.<\/li>\n<li>Convertir gradualmente las flotas distritales y otros equipos que funcionan con gasolina o di\u00e9sel a alternativas el\u00e9ctricas.<\/li>\n<li>Garantizar que las nuevas escuelas y edificios del distrito se construyan y renueven utilizando los est\u00e1ndares LEED para materiales de construcci\u00f3n ambientalmente racionales que promuevan el uso eficiente de la energ\u00eda, el agua y otros recursos.<\/li>\n<li>Reduzca el desperdicio de alimentos y prepare comidas bajas en carbono y respetuosas con el medio ambiente utilizando utensilios de servicio de alimentos reutilizables o compostables.<\/li>\n<li>Desarrollar un marco sostenible que cubra la compra de suministros de oficina, electrodom\u00e9sticos, suministros de cafeter\u00eda y todos los dem\u00e1s materiales y equipos.<\/li>\n<li>Minimizar o eliminar el uso de pesticidas y herbicidas peligrosos en la propiedad de JPS y minimizar la perturbaci\u00f3n de los espacios naturales para mejorar la resiliencia de los ecosistemas en el condado de Jefferson para resistir mejor los impactos del cambio clim\u00e1tico y eliminar el riesgo que los pesticidas\/herbicidas representan para la salud de nuestros ni\u00f1os.<\/li>\n<\/ul>\n<\/div><\/div><\/div><\/div><\/div><\/div><\/div><div class=\"w-popup us_custom_af6a9b6a w-btn-wrapper align_center\"><button type=\"button\" aria-label=\"Leer m\u00e1s\" class=\"w-popup-trigger type_btn w-btn us-btn-style_5\"><span class=\"w-btn-label\">Leer m\u00e1s<\/span><\/button><div class=\"w-popup-overlay\" style=\"background:rgba(0,0,0,0.75);\"><\/div><div class=\"w-popup-wrap layout_default\" role=\"dialog\" aria-modal=\"true\" aria-label=\"Leer m\u00e1s\" style=\"--title-color:var(--color-content-heading);--title-bg-color:var(--color-content-bg-alt);--content-color:var(--color-content-text);--content-bg-color:var(--color-content-bg);--closer-color:#ffffff;--popup-width:900px;--popup-padding:5%;\"><button aria-label=\"Cerrar\" class=\"w-popup-closer\" type=\"button\"><\/button><div class=\"w-popup-box animation_fadeIn closerpos_outside without_title\"><div class=\"w-popup-box-h\"><div class=\"w-popup-box-content\"><h4>SOCIOS EN LA SOSTENIBILIDAD<\/h4>\n<p>Jeffco Students &amp; Parents for Climate Action (JSPCA) quiere asociarse con el distrito escolar, miembros de la comunidad y expertos en tecnolog\u00eda clim\u00e1tica para apoyar planes y acciones para abordar el cambio clim\u00e1tico y crear un futuro sostenible para nuestra juventud.<\/p>\n<p>Seg\u00fan la pol\u00edtica del Distrito Escolar de Jeffco: \u201cLas cuestiones y actitudes ambientales constituyen una parte vital del entorno educativo e impactar\u00e1n el bienestar presente y futuro de los estudiantes, el personal del Distrito y la comunidad en su conjunto. Con ese prop\u00f3sito, la Junta ordena que el Distrito, sus estudiantes y personal desarrollen medios razonables para conservar los recursos naturales, reciclar en la mayor medida posible y pr\u00e1ctica, y promover esfuerzos educativos que fomenten una \u00e9tica ambiental. Los estudiantes, el personal del Distrito y la comunidad deben brindar la visi\u00f3n, la iniciativa, el ingenio, el liderazgo y la preocupaci\u00f3n para que esta pol\u00edtica sea viable y satisfactoria\u201d. (Pol\u00edticas de Jeffco, Secci\u00f3n E: Servicios de Apoyo, T\u00edtulo: Compromiso con la Conservaci\u00f3n y el Medio Ambiente, C\u00f3digo: EBABA)<\/p>\n<p>La Asociaci\u00f3n de Juntas Escolares de Colorado (CASB) apoya que las juntas escolares den alta prioridad a la reducci\u00f3n del consumo de carbono al tomar decisiones relativas a mejoras de capital, uso de energ\u00eda y transporte; y apoyar el cambio clim\u00e1tico y la educaci\u00f3n ambiental. CASB tambi\u00e9n insta a la Asamblea General de Colorado y al gobierno federal a tomar medidas r\u00e1pidas y efectivas sobre el cambio clim\u00e1tico para proteger a los estudiantes actuales y futuros. (Resoluci\u00f3n #50 \u2013 Acci\u00f3n contra el cambio clim\u00e1tico, https:\/\/schoolsforclimateaction.weebly.com\/uploads\/1\/0\/9\/2\/109230709\/ehr3fflwoaa9883.jpg)<\/p>\n<p><b>\u00a1\u00danase a nosotros para instar a las Escuelas P\u00fablicas de Jeffco a adoptar un Plan de Acci\u00f3n Clim\u00e1tica y garantizar un clima saludable para nuestros ni\u00f1os y las generaciones futuras!<\/b><\/p>\n<ul>\n<li style=\"font-weight: 400;\" aria-level=\"1\"><span style=\"font-weight: 400;\">\u00a1Firme la petici\u00f3n para instar a la Junta Escolar de Jeffco y al Superintendente Dorland a apoyar la aprobaci\u00f3n de un Plan de Acci\u00f3n Clim\u00e1tica!<\/span><\/li>\n<li style=\"font-weight: 400;\" aria-level=\"1\"><span style=\"font-weight: 400;\">\u00bfEl club, organizaci\u00f3n o empresa medioambiental de tu escuela quiere ayudar? <\/span><a href=\"https:\/\/docs.google.com\/forms\/d\/e\/1FAIpQLSdUNJ0YawxPqLDk6WrHl3CtD7NNf4_yNqdNYW6xEcYeLkrsDA\/viewform\" target=\"_blank\" rel=\"noopener\"><span style=\"font-weight: 400;\">\u00a1Complete este formulario para informarnos c\u00f3mo le gustar\u00eda participar!<\/span><\/a><span style=\"font-weight: 400;\">\u00a0\u00a0<\/span><\/li>\n<\/ul>\n<p><b>El Distrito puede ser un l\u00edder dentro de la comunidad en el uso sostenible de los recursos y la lucha contra la crisis clim\u00e1tica y la injusticia ambiental y clim\u00e1tica, con la mejor ciencia disponible para guiar sus pol\u00edticas.<\/b><\/p>\n<\/div><\/div><\/div><\/div><\/div><\/div><\/div><\/div><\/div><\/div><\/section><section class=\"l-section wpb_row us_custom_517fd2d8 height_medium with_img\"><div class=\"l-section-img\" role=\"img\" aria-label=\"Imagen\" data-img-width=\"2560\" data-img-height=\"1707\" style=\"background-image: url(https:\/\/www.mtnmamas.org\/wp-content\/uploads\/2022\/06\/P1011211-scaled.jpg);background-repeat: no-repeat;\"><\/div><div class=\"l-section-overlay\" style=\"background:var(--color-header-middle-text-hover)\"><\/div><div class=\"l-section-h i-cf\"><div class=\"g-cols vc_row via_flex valign_top type_default stacking_default\"><div class=\"vc_col-sm-12 wpb_column vc_column_container\"><div class=\"vc_column-inner\"><div class=\"wpb_wrapper\"><div class=\"g-cols wpb_row us_custom_50cc7d67 via_flex valign_top type_default stacking_default\"><div class=\"vc_col-sm-12 wpb_column vc_column_container\"><div class=\"vc_column-inner\"><div class=\"wpb_wrapper\"><div class=\"wpb_text_column us_custom_20da673b has_text_color\"><div class=\"wpb_wrapper\"><p>\u00a1\u00danase a nuestro esfuerzo!<\/p>\n<\/div><\/div><\/div><\/div><\/div><\/div><div class=\"g-cols wpb_row us_custom_64c38ea8 via_flex valign_top type_default stacking_default\"><div class=\"vc_col-sm-9 wpb_column vc_column_container\"><div class=\"vc_column-inner\"><div class=\"wpb_wrapper\"><div class=\"wpb_text_column us_custom_21b25c76 has_text_color\"><div class=\"wpb_wrapper\"><p>El Distrito necesita escuchar de los estudiantes, padres y miembros de la comunidad que este es un tema urgente que deben abordar. \u00a1Firma la petici\u00f3n hoy para prestar tu voz!<\/p>\n<p><strong>\u00bfTiene preguntas o quiere involucrarse m\u00e1s? Env\u00edenos un correo electr\u00f3nico aqu\u00ed: <a style=\"color: #000 !important;\" href=\"mailto:jeffcoforclimateaction@gmail.com\" target=\"_blank\" rel=\"noopener\">jeffcoforclimateaction@gmail.com<\/a><\/strong><\/p>\n<\/div><\/div><\/div><\/div><\/div><div class=\"vc_col-sm-3 wpb_column vc_column_container\"><div class=\"vc_column-inner us_custom_ec1e580b\"><div class=\"wpb_wrapper\"><div class=\"w-btn-wrapper align_center\"><a class=\"w-btn us-btn-style_7 us_custom_a833bf3c\" target=\"_blank\" href=\"\/sp\/jeffco-sustainability-action\/\"><span class=\"w-btn-label\">Firma la petici\u00f3n<\/span><\/a><\/div><div class=\"w-btn-wrapper align_center\"><a class=\"w-btn us-btn-style_7\" target=\"_blank\" href=\"\/sp\/donate\/\"><span class=\"w-btn-label\">donar<\/span><\/a><\/div><\/div><\/div><\/div><\/div><\/div><\/div><\/div><\/div><\/div><\/section>","protected":false},"excerpt":{"rendered":"","protected":false},"author":14,"featured_media":0,"parent":0,"menu_order":0,"comment_status":"closed","ping_status":"closed","template":"","meta":{"footnotes":""},"class_list":["post-2236","page","type-page","status-publish","hentry"],"yoast_head":"<!-- This site is optimized with the Yoast SEO plugin v27.5 - https:\/\/yoast.com\/product\/yoast-seo-wordpress\/ -->\n<title>JSPCA - Mountain Mamas<\/title>\n<meta name=\"robots\" content=\"index, follow, max-snippet:-1, max-image-preview:large, max-video-preview:-1\" \/>\n<link rel=\"canonical\" href=\"https:\/\/www.mtnmamas.org\/sp\/jspca\/\" \/>\n<meta property=\"og:locale\" content=\"es_MX\" \/>\n<meta property=\"og:type\" content=\"article\" \/>\n<meta property=\"og:title\" content=\"JSPCA - Mountain Mamas\" \/>\n<meta property=\"og:url\" content=\"https:\/\/www.mtnmamas.org\/sp\/jspca\/\" \/>\n<meta property=\"og:site_name\" content=\"Mountain Mamas\" \/>\n<meta property=\"article:publisher\" content=\"https:\/\/www.facebook.com\/MtnMamasOrg\/\" \/>\n<meta property=\"article:modified_time\" content=\"2024-10-15T02:17:17+00:00\" \/>\n<meta name=\"twitter:card\" content=\"summary_large_image\" \/>\n<meta name=\"twitter:site\" content=\"@MtnMamasOrg\" \/>\n<meta name=\"twitter:label1\" content=\"Tiempo de lectura\" \/>\n\t<meta name=\"twitter:data1\" content=\"13 minutos\" \/>\n<script type=\"application\/ld+json\" class=\"yoast-schema-graph\">{\"@context\":\"https:\\\/\\\/schema.org\",\"@graph\":[{\"@type\":\"WebPage\",\"@id\":\"https:\\\/\\\/www.mtnmamas.org\\\/jspca\\\/\",\"url\":\"https:\\\/\\\/www.mtnmamas.org\\\/jspca\\\/\",\"name\":\"JSPCA - Mountain Mamas\",\"isPartOf\":{\"@id\":\"https:\\\/\\\/www.mtnmamas.org\\\/#website\"},\"datePublished\":\"2024-01-09T21:02:31+00:00\",\"dateModified\":\"2024-10-15T02:17:17+00:00\",\"breadcrumb\":{\"@id\":\"https:\\\/\\\/www.mtnmamas.org\\\/jspca\\\/#breadcrumb\"},\"inLanguage\":\"es\",\"potentialAction\":[{\"@type\":\"ReadAction\",\"target\":[\"https:\\\/\\\/www.mtnmamas.org\\\/jspca\\\/\"]}]},{\"@type\":\"BreadcrumbList\",\"@id\":\"https:\\\/\\\/www.mtnmamas.org\\\/jspca\\\/#breadcrumb\",\"itemListElement\":[{\"@type\":\"ListItem\",\"position\":1,\"name\":\"Home\",\"item\":\"https:\\\/\\\/www.mtnmamas.org\\\/\"},{\"@type\":\"ListItem\",\"position\":2,\"name\":\"JSPCA\"}]},{\"@type\":\"WebSite\",\"@id\":\"https:\\\/\\\/www.mtnmamas.org\\\/#website\",\"url\":\"https:\\\/\\\/www.mtnmamas.org\\\/\",\"name\":\"Mountain Mamas\",\"description\":\"\",\"publisher\":{\"@id\":\"https:\\\/\\\/www.mtnmamas.org\\\/#organization\"},\"potentialAction\":[{\"@type\":\"SearchAction\",\"target\":{\"@type\":\"EntryPoint\",\"urlTemplate\":\"https:\\\/\\\/www.mtnmamas.org\\\/?s={search_term_string}\"},\"query-input\":{\"@type\":\"PropertyValueSpecification\",\"valueRequired\":true,\"valueName\":\"search_term_string\"}}],\"inLanguage\":\"es\"},{\"@type\":\"Organization\",\"@id\":\"https:\\\/\\\/www.mtnmamas.org\\\/#organization\",\"name\":\"Mountain Mamas\",\"url\":\"https:\\\/\\\/www.mtnmamas.org\\\/\",\"logo\":{\"@type\":\"ImageObject\",\"inLanguage\":\"es\",\"@id\":\"https:\\\/\\\/www.mtnmamas.org\\\/#\\\/schema\\\/logo\\\/image\\\/\",\"url\":\"https:\\\/\\\/www.mtnmamas.org\\\/wp-content\\\/uploads\\\/2019\\\/12\\\/MountainMamas_Logo_BlueRed.png\",\"contentUrl\":\"https:\\\/\\\/www.mtnmamas.org\\\/wp-content\\\/uploads\\\/2019\\\/12\\\/MountainMamas_Logo_BlueRed.png\",\"width\":849,\"height\":644,\"caption\":\"Mountain Mamas\"},\"image\":{\"@id\":\"https:\\\/\\\/www.mtnmamas.org\\\/#\\\/schema\\\/logo\\\/image\\\/\"},\"sameAs\":[\"https:\\\/\\\/www.facebook.com\\\/MtnMamasOrg\\\/\",\"https:\\\/\\\/x.com\\\/MtnMamasOrg\",\"https:\\\/\\\/www.instagram.com\\\/MtnMamasOrg\\\/\",\"https:\\\/\\\/www.youtube.com\\\/channel\\\/UCkfMCLwtylR_HK4NQG_hQdA\"]}]}<\/script>\n<!-- \/ Yoast SEO plugin. -->","yoast_head_json":{"title":"JSPCA - Mountain Mamas","robots":{"index":"index","follow":"follow","max-snippet":"max-snippet:-1","max-image-preview":"max-image-preview:large","max-video-preview":"max-video-preview:-1"},"canonical":"https:\/\/www.mtnmamas.org\/sp\/jspca\/","og_locale":"es_MX","og_type":"article","og_title":"JSPCA - Mountain Mamas","og_url":"https:\/\/www.mtnmamas.org\/sp\/jspca\/","og_site_name":"Mountain Mamas","article_publisher":"https:\/\/www.facebook.com\/MtnMamasOrg\/","article_modified_time":"2024-10-15T02:17:17+00:00","twitter_card":"summary_large_image","twitter_site":"@MtnMamasOrg","twitter_misc":{"Tiempo de lectura":"13 minutos"},"schema":{"@context":"https:\/\/schema.org","@graph":[{"@type":"WebPage","@id":"https:\/\/www.mtnmamas.org\/jspca\/","url":"https:\/\/www.mtnmamas.org\/jspca\/","name":"JSPCA - Mountain Mamas","isPartOf":{"@id":"https:\/\/www.mtnmamas.org\/#website"},"datePublished":"2024-01-09T21:02:31+00:00","dateModified":"2024-10-15T02:17:17+00:00","breadcrumb":{"@id":"https:\/\/www.mtnmamas.org\/jspca\/#breadcrumb"},"inLanguage":"es","potentialAction":[{"@type":"ReadAction","target":["https:\/\/www.mtnmamas.org\/jspca\/"]}]},{"@type":"BreadcrumbList","@id":"https:\/\/www.mtnmamas.org\/jspca\/#breadcrumb","itemListElement":[{"@type":"ListItem","position":1,"name":"Home","item":"https:\/\/www.mtnmamas.org\/"},{"@type":"ListItem","position":2,"name":"JSPCA"}]},{"@type":"WebSite","@id":"https:\/\/www.mtnmamas.org\/#website","url":"https:\/\/www.mtnmamas.org\/","name":"Mam\u00e1s de monta\u00f1a","description":"","publisher":{"@id":"https:\/\/www.mtnmamas.org\/#organization"},"potentialAction":[{"@type":"SearchAction","target":{"@type":"EntryPoint","urlTemplate":"https:\/\/www.mtnmamas.org\/?s={search_term_string}"},"query-input":{"@type":"PropertyValueSpecification","valueRequired":true,"valueName":"search_term_string"}}],"inLanguage":"es"},{"@type":"Organization","@id":"https:\/\/www.mtnmamas.org\/#organization","name":"Mam\u00e1s de monta\u00f1a","url":"https:\/\/www.mtnmamas.org\/","logo":{"@type":"ImageObject","inLanguage":"es","@id":"https:\/\/www.mtnmamas.org\/#\/schema\/logo\/image\/","url":"https:\/\/www.mtnmamas.org\/wp-content\/uploads\/2019\/12\/MountainMamas_Logo_BlueRed.png","contentUrl":"https:\/\/www.mtnmamas.org\/wp-content\/uploads\/2019\/12\/MountainMamas_Logo_BlueRed.png","width":849,"height":644,"caption":"Mountain Mamas"},"image":{"@id":"https:\/\/www.mtnmamas.org\/#\/schema\/logo\/image\/"},"sameAs":["https:\/\/www.facebook.com\/MtnMamasOrg\/","https:\/\/x.com\/MtnMamasOrg","https:\/\/www.instagram.com\/MtnMamasOrg\/","https:\/\/www.youtube.com\/channel\/UCkfMCLwtylR_HK4NQG_hQdA"]}]}},"_links":{"self":[{"href":"https:\/\/www.mtnmamas.org\/sp\/wp-json\/wp\/v2\/pages\/2236","targetHints":{"allow":["GET"]}}],"collection":[{"href":"https:\/\/www.mtnmamas.org\/sp\/wp-json\/wp\/v2\/pages"}],"about":[{"href":"https:\/\/www.mtnmamas.org\/sp\/wp-json\/wp\/v2\/types\/page"}],"author":[{"embeddable":true,"href":"https:\/\/www.mtnmamas.org\/sp\/wp-json\/wp\/v2\/users\/14"}],"replies":[{"embeddable":true,"href":"https:\/\/www.mtnmamas.org\/sp\/wp-json\/wp\/v2\/comments?post=2236"}],"version-history":[{"count":32,"href":"https:\/\/www.mtnmamas.org\/sp\/wp-json\/wp\/v2\/pages\/2236\/revisions"}],"predecessor-version":[{"id":2273,"href":"https:\/\/www.mtnmamas.org\/sp\/wp-json\/wp\/v2\/pages\/2236\/revisions\/2273"}],"wp:attachment":[{"href":"https:\/\/www.mtnmamas.org\/sp\/wp-json\/wp\/v2\/media?parent=2236"}],"curies":[{"name":"wp","href":"https:\/\/api.w.org\/{rel}","templated":true}]}}